{"id":3490,"date":"2024-12-19T10:19:42","date_gmt":"2024-12-19T10:19:42","guid":{"rendered":"https:\/\/discover.anandakalyani.org\/?post_type=mec-events&#038;p=3490"},"modified":"2025-09-25T13:43:27","modified_gmt":"2025-09-25T13:43:27","slug":"flames-of-renewal","status":"publish","type":"mec-events","link":"https:\/\/discover.anandakalyani.org\/pt\/events\/flames-of-renewal\/","title":{"rendered":"Flames of Renewal"},"content":{"rendered":"<div class=\"wp-block-buttons is-content-justification-left is-layout-flex wp-container-core-buttons-is-layout-b192c3d7 wp-block-buttons-is-layout-flex\">\n<div class=\"wp-block-button\"><a class=\"wp-block-button__link has-text-align-center wp-element-button\" href=\"#english-version1\"><strong>ENGLISH VERSION<\/strong><\/a><\/div>\n\n\n\n<div class=\"wp-block-button\"><a class=\"wp-block-button__link wp-element-button\" href=\"#ticket\"><strong>TICKETS \/ BILHETES<\/strong><\/a><\/div>\n<\/div>\n\n\n\n<div style=\"height:71px\" aria-hidden=\"true\" class=\"wp-block-spacer\"><\/div>\n\n\n\n<div class=\"wp-block-uagb-advanced-heading uagb-block-481e4de1\" id=\"english\"><h3 class=\"uagb-heading-text\">Junta-te a n\u00f3s para dois dias imersivos de renova\u00e7\u00e3o \u2014 atrav\u00e9s da m\u00fasica, medita\u00e7\u00e3o, movimento e servi\u00e7o \u00e0 Terra.<\/h3><\/div>\n\n\n\n<div style=\"height:71px\" aria-hidden=\"true\" class=\"wp-block-spacer\"><\/div>\n\n\n\n<div class=\"wp-block-uagb-advanced-heading uagb-block-c5c85143 editorskit-no-mobile\"><h2 class=\"uagb-heading-text\"><strong>O que \u00e9 o Flames of Renewal?<\/strong><\/h2><\/div>\n\n\n\n<div class=\"wp-block-uagb-container uagb-block-0c08af80 alignfull uagb-is-root-container\"><div class=\"uagb-container-inner-blocks-wrap\">\n<div class=\"wp-block-uagb-container uagb-block-4aea2b57\">\n<figure class=\"wp-block-image size-large\"><img loading=\"lazy\" decoding=\"async\" width=\"576\" height=\"1024\" src=\"https:\/\/discover.anandakalyani.org\/wp-content\/uploads\/2024\/12\/Untitled-design-2-576x1024.png\" alt=\"\" class=\"wp-image-4303\" srcset=\"https:\/\/discover.anandakalyani.org\/wp-content\/uploads\/2024\/12\/Untitled-design-2-576x1024.png 576w, https:\/\/discover.anandakalyani.org\/wp-content\/uploads\/2024\/12\/Untitled-design-2-169x300.png 169w, https:\/\/discover.anandakalyani.org\/wp-content\/uploads\/2024\/12\/Untitled-design-2-768x1365.png 768w, https:\/\/discover.anandakalyani.org\/wp-content\/uploads\/2024\/12\/Untitled-design-2-864x1536.png 864w, https:\/\/discover.anandakalyani.org\/wp-content\/uploads\/2024\/12\/Untitled-design-2-1152x2048.png 1152w, https:\/\/discover.anandakalyani.org\/wp-content\/uploads\/2024\/12\/Untitled-design-2-7x12.png 7w, https:\/\/discover.anandakalyani.org\/wp-content\/uploads\/2024\/12\/Untitled-design-2-600x1067.png 600w, https:\/\/discover.anandakalyani.org\/wp-content\/uploads\/2024\/12\/Untitled-design-2-scaled.png 1440w\" sizes=\"auto, (max-width: 576px) 100vw, 576px\" \/><\/figure>\n<\/div>\n\n\n\n<div class=\"wp-block-uagb-container uagb-block-b90171b0\">\n<p class=\"has-medium-font-size wp-block-paragraph\"><strong>Flames of Renewal<\/strong>&nbsp;\u00e9 um encontro com prop\u00f3sito. Durante dois dias, reunimo-nos para criar algo significativo: servir coletivamente, reconectar-nos com a terra afetada pelos inc\u00eandios florestais e celebrar a vida.<\/p>\n\n\n\n<p class=\"has-medium-font-size wp-block-paragraph\">O programa integra a\u00e7\u00f5es ecol\u00f3gicas, pr\u00e1ticas espirituais como kiirtan, medita\u00e7\u00e3o e yoga, e a alegria da m\u00fasica ao vivo e da dan\u00e7a ext\u00e1tica. Ao longo do caminho, voc\u00ea conhecer\u00e1 a nossa comunidade, conectar\u00e1 profundamente com a natureza e partilhar\u00e1 refei\u00e7\u00f5es veganas s\u00e1ttvicas, preparadas com amor.<\/p>\n<\/div>\n<\/div><\/div>\n\n\n\n<div style=\"height:55px\" aria-hidden=\"true\" class=\"wp-block-spacer\"><\/div>\n\n\n\n<div class=\"wp-block-uagb-container uagb-block-5a7027d6 alignfull uagb-is-root-container\"><div class=\"uagb-container-inner-blocks-wrap\">\n<div class=\"wp-block-uagb-container uagb-block-b6e04789\">\n<p class=\"has-medium-font-size wp-block-paragraph\"><strong>Por que Flames of Renewal?<\/strong><\/p>\n\n\n\n<figure class=\"wp-block-image size-large\"><img loading=\"lazy\" decoding=\"async\" width=\"1024\" height=\"568\" src=\"https:\/\/discover.anandakalyani.org\/wp-content\/uploads\/2024\/12\/Screenshot-2025-09-18-at-1.45.07-PM-1024x568.png\" alt=\"\" class=\"wp-image-4346\" srcset=\"https:\/\/discover.anandakalyani.org\/wp-content\/uploads\/2024\/12\/Screenshot-2025-09-18-at-1.45.07-PM-1024x568.png 1024w, https:\/\/discover.anandakalyani.org\/wp-content\/uploads\/2024\/12\/Screenshot-2025-09-18-at-1.45.07-PM-300x166.png 300w, https:\/\/discover.anandakalyani.org\/wp-content\/uploads\/2024\/12\/Screenshot-2025-09-18-at-1.45.07-PM-768x426.png 768w, https:\/\/discover.anandakalyani.org\/wp-content\/uploads\/2024\/12\/Screenshot-2025-09-18-at-1.45.07-PM-1536x852.png 1536w, https:\/\/discover.anandakalyani.org\/wp-content\/uploads\/2024\/12\/Screenshot-2025-09-18-at-1.45.07-PM-2048x1136.png 2048w, https:\/\/discover.anandakalyani.org\/wp-content\/uploads\/2024\/12\/Screenshot-2025-09-18-at-1.45.07-PM-18x10.png 18w, https:\/\/discover.anandakalyani.org\/wp-content\/uploads\/2024\/12\/Screenshot-2025-09-18-at-1.45.07-PM-600x333.png 600w\" sizes=\"auto, (max-width: 1024px) 100vw, 1024px\" \/><\/figure>\n\n\n\n<p class=\"wp-block-paragraph\" style=\"font-size:20px\">Em meados de agosto, um inc\u00eandio devastador atingiu grande parte de Ananda Kalyani. Mais de 550 cerejeiras foram perdidas, sistemas vitais de irriga\u00e7\u00e3o destru\u00eddos e vastas \u00e1reas de floresta queimadas \u2014 incluindo locais que hav\u00edamos reflorestado recentemente.<\/p>\n\n\n\n<p class=\"has-medium-font-size wp-block-paragraph\">Ainda assim, contra todas as probabilidades, o cora\u00e7\u00e3o da nossa terra sobreviveu. Esse contraste entre perda e resili\u00eancia tornou-se um poderoso lembrete do nosso prop\u00f3sito: restaurar o que foi perdido e construir um futuro mais forte, resistente ao fogo e regenerativo.<\/p>\n<\/div>\n<\/div><\/div>\n\n\n\n<div class=\"wp-block-uagb-container uagb-block-32b0b51e alignfull uagb-is-root-container\"><div class=\"uagb-container-inner-blocks-wrap\">\n<div class=\"wp-block-uagb-container uagb-block-307dee48\">\n<p class=\"wp-block-paragraph\" style=\"font-size:29px\"><strong>Patrocinador<\/strong><\/p>\n\n\n\n<figure class=\"wp-block-image size-large\"><img loading=\"lazy\" decoding=\"async\" width=\"1024\" height=\"683\" src=\"https:\/\/discover.anandakalyani.org\/wp-content\/uploads\/2024\/12\/A302AB60-C5CB-40E0-86AF-F9E4C3BA8516_1_105_c-1024x683.jpeg\" alt=\"\" class=\"wp-image-4361\" srcset=\"https:\/\/discover.anandakalyani.org\/wp-content\/uploads\/2024\/12\/A302AB60-C5CB-40E0-86AF-F9E4C3BA8516_1_105_c-1024x683.jpeg 1024w, https:\/\/discover.anandakalyani.org\/wp-content\/uploads\/2024\/12\/A302AB60-C5CB-40E0-86AF-F9E4C3BA8516_1_105_c-300x200.jpeg 300w, https:\/\/discover.anandakalyani.org\/wp-content\/uploads\/2024\/12\/A302AB60-C5CB-40E0-86AF-F9E4C3BA8516_1_105_c-768x512.jpeg 768w, https:\/\/discover.anandakalyani.org\/wp-content\/uploads\/2024\/12\/A302AB60-C5CB-40E0-86AF-F9E4C3BA8516_1_105_c-391x260.jpeg 391w, https:\/\/discover.anandakalyani.org\/wp-content\/uploads\/2024\/12\/A302AB60-C5CB-40E0-86AF-F9E4C3BA8516_1_105_c-18x12.jpeg 18w, https:\/\/discover.anandakalyani.org\/wp-content\/uploads\/2024\/12\/A302AB60-C5CB-40E0-86AF-F9E4C3BA8516_1_105_c-600x400.jpeg 600w, https:\/\/discover.anandakalyani.org\/wp-content\/uploads\/2024\/12\/A302AB60-C5CB-40E0-86AF-F9E4C3BA8516_1_105_c.jpeg 1086w\" sizes=\"auto, (max-width: 1024px) 100vw, 1024px\" \/><\/figure>\n\n\n\n<p class=\"wp-block-paragraph\" style=\"font-size:20px\">A interven\u00e7\u00e3o ser\u00e1 conduzida por&nbsp;<strong>Guilherme Weishar<\/strong>, que atualmente coordena a ONG ambiental&nbsp;<strong>EcoAtivo<\/strong>. Ele iniciou sua jornada regenerativa em 2017, ap\u00f3s realizar um Curso de Design em Permacultura que transformou sua vis\u00e3o de vida. Desde ent\u00e3o, tem explorado solu\u00e7\u00f5es como bioconstru\u00e7\u00e3o, keyline design, agricultura regenerativa e restaura\u00e7\u00e3o ecol\u00f3gica, concentrando-se atualmente em agrofloresta e agricultura sintr\u00f3pica.<\/p>\n\n\n\n<p class=\"has-medium-font-size wp-block-paragraph\">A miss\u00e3o da&nbsp;<strong>EcoAtivo<\/strong>&nbsp;\u00e9 regenerar ativamente os ecossistemas no terreno \u2014 transformando \u00e1reas degradadas em paisagens pr\u00f3speras \u2014 enquanto inspira a sociedade a passar de modelos extrativos de consumo e polui\u00e7\u00e3o para uma vida em harmonia com a natureza. Atrav\u00e9s de seus programas, a EcoAtivo capacita jovens a tornarem-se l\u00edderes que cuidam dos ecossistemas locais, das plantas e dos animais.<\/p>\n<\/div>\n<\/div><\/div>\n\n\n\n<div class=\"wp-block-uagb-container uagb-block-8680ed96 alignfull uagb-is-root-container\"><div class=\"uagb-container-inner-blocks-wrap\">\n<div class=\"wp-block-uagb-container uagb-block-7f8095f9\">\n<p class=\"wp-block-paragraph\" style=\"font-size:38px\"><strong><strong>M\u00fasica ao vivo<\/strong>: Gustavito<\/strong><\/p>\n\n\n\n<figure class=\"wp-block-image size-large is-resized\"><img loading=\"lazy\" decoding=\"async\" width=\"819\" height=\"1024\" src=\"https:\/\/discover.anandakalyani.org\/wp-content\/uploads\/2024\/12\/FB-Groups-Posting-Flames-of-Renewal-3-819x1024.png\" alt=\"\" class=\"wp-image-4347\" style=\"aspect-ratio:0.8000149857635247;width:444px;height:auto\" srcset=\"https:\/\/discover.anandakalyani.org\/wp-content\/uploads\/2024\/12\/FB-Groups-Posting-Flames-of-Renewal-3-819x1024.png 819w, https:\/\/discover.anandakalyani.org\/wp-content\/uploads\/2024\/12\/FB-Groups-Posting-Flames-of-Renewal-3-240x300.png 240w, https:\/\/discover.anandakalyani.org\/wp-content\/uploads\/2024\/12\/FB-Groups-Posting-Flames-of-Renewal-3-768x960.png 768w, https:\/\/discover.anandakalyani.org\/wp-content\/uploads\/2024\/12\/FB-Groups-Posting-Flames-of-Renewal-3-10x12.png 10w, https:\/\/discover.anandakalyani.org\/wp-content\/uploads\/2024\/12\/FB-Groups-Posting-Flames-of-Renewal-3-600x750.png 600w, https:\/\/discover.anandakalyani.org\/wp-content\/uploads\/2024\/12\/FB-Groups-Posting-Flames-of-Renewal-3.png 1080w\" sizes=\"auto, (max-width: 819px) 100vw, 819px\" \/><\/figure>\n\n\n\n<p class=\"wp-block-paragraph\" style=\"font-size:20px\"><br><strong>Gustavito<\/strong>&nbsp;\u00e9 um cantor e compositor brasileiro, nascido em Minas Gerais. Sua m\u00fasica incorpora ritmos brasileiros, e o viol\u00e3o \u00e9 o que define a sua identidade. Fundindo a m\u00fasica popular brasileira tradicional com suas pesquisas sobre a cultura diasp\u00f3rica e a cultura dos povos ind\u00edgenas, Gustavito canta em diferentes idiomas, transmitindo mensagens de not\u00e1vel sensibilidade.<\/p>\n\n\n\n<p class=\"wp-block-paragraph\" style=\"font-size:20px\">Suas apresenta\u00e7\u00f5es ao vivo levam o p\u00fablico a uma viagem por ritmos e melodias, sempre convidando as pessoas a participarem com vocaliza\u00e7\u00f5es e dan\u00e7as.<br><br><\/p>\n<\/div>\n<\/div><\/div>\n\n\n\n<div class=\"wp-block-uagb-advanced-heading uagb-block-1dd32026\"><h3 class=\"uagb-heading-text\"><strong>No <strong>Flames of Renewal<\/strong> vais experienciar:<br><\/strong><\/h3><\/div>\n\n\n\n<div style=\"height:55px\" aria-hidden=\"true\" class=\"wp-block-spacer\"><\/div>\n\n\n\n<h3 class=\"wp-block-heading has-medium-font-size\"><strong>Sexta-feira:<\/strong><\/h3>\n\n\n\n<ul class=\"wp-block-list\">\n<li><strong>A partir das 17h: Chegada<\/strong><\/li>\n\n\n\n<li><strong>Kiirtan &amp; Medita\u00e7\u00e3o<\/strong><\/li>\n\n\n\n<li><strong>Jantar<\/strong><\/li>\n\n\n\n<li><strong>Introdu\u00e7\u00e3o ao programa<\/strong><\/li>\n<\/ul>\n\n\n\n<h3 class=\"wp-block-heading has-medium-font-size\"><strong>Sabado:<\/strong><\/h3>\n\n\n\n<ul class=\"wp-block-list\">\n<li><strong>Kiirtan, Medita\u00e7\u00e3o &amp; \u00c1sanas de Yoga<\/strong><\/li>\n\n\n\n<li><strong>Pequeno-almo\u00e7o<\/strong><\/li>\n\n\n\n<li><strong>C\u00edrculo da Manh\u00e3<\/strong><\/li>\n\n\n\n<li><strong>Karma Yoga \u2013 trabalho na terra<\/strong><\/li>\n\n\n\n<li><strong>Almo\u00e7o<\/strong><\/li>\n\n\n\n<li><strong>Karma Yoga \u2013 trabalho na terra<\/strong><\/li>\n\n\n\n<li><strong>Introdu\u00e7\u00e3o ao Ananda Marga<\/strong><\/li>\n\n\n\n<li><strong>Jantar<\/strong><\/li>\n\n\n\n<li><strong>Concerto ao vivo<\/strong><\/li>\n<\/ul>\n\n\n\n<h3 class=\"wp-block-heading has-medium-font-size\"><strong>Domingo:<\/strong><\/h3>\n\n\n\n<ul class=\"wp-block-list\">\n<li><strong>Kiirtan, Medita\u00e7\u00e3o &amp; \u00c1sanas de Yoga<\/strong><\/li>\n\n\n\n<li><strong>Pequeno-almo\u00e7o<\/strong><\/li>\n\n\n\n<li><strong>C\u00edrculo da Manh\u00e3<\/strong><\/li>\n\n\n\n<li><strong>Karma Yoga \u2013 trabalho na terra<\/strong><\/li>\n\n\n\n<li><strong>Almo\u00e7o<\/strong><\/li>\n\n\n\n<li><strong>Ecstatic Dance<\/strong><\/li>\n<\/ul>\n\n\n\n<div style=\"height:33px\" aria-hidden=\"true\" class=\"wp-block-spacer\"><\/div>\n\n\n\n<div class=\"wp-block-uagb-advanced-heading uagb-block-b300c8d4\"><h3 class=\"uagb-heading-text\"><strong>Localiza\u00e7\u00e3o:<\/strong><\/h3><\/div>\n\n\n\n<p class=\"has-medium-font-size wp-block-paragraph\">O nosso projeto est\u00e1 situado numa zona deslumbrante da serra portuguesa, entre as aldeias do Paul e do Ourondo, na famosa regi\u00e3o da Serra da Estrela. O nosso evento oferece o cen\u00e1rio ideal para a tua jornada de autodescoberta. Consulta o nosso <a href=\"https:\/\/www.canva.com\/design\/DAFlcxYyyZs\/2iGpNna0yWNx3ReGMFsbug\/edit\">Travel Guide<\/a> para saberes como chegar at\u00e9 c\u00e1. <\/p>\n\n\n\n<p class=\"wp-block-paragraph\"><strong><em>Como reservar o seu bilhete:<\/em><\/strong><\/p>\n\n\n\n<p class=\"wp-block-paragraph\"><strong><em>&nbsp;Parab\u00e9ns, estamos ansiosos por receb\u00ea-lo no Flames of Renewal!<\/em><\/strong><\/p>\n\n\n\n<p class=\"wp-block-paragraph\"><em><em>1.Escolha se gostaria de participar de sexta a domingo ou apenas por um dia, s\u00e1bado ou domingo.<br> \u2013 Se optar por vir ao evento completo, pode decidir com que valor gostaria de apoiar o nosso projeto.<br> \u2013 Os bilhetes Sustent\u00e1vel, Regenerativo e Solid\u00e1rio incluem exatamente o mesmo programa, refei\u00e7\u00f5es e acesso \u00e0 zona de campismo.<br> \u2013 Se vier apenas por um dia, basta escolher o bilhete de 1 dia.<\/em><br><\/em><\/p>\n\n\n\n<p class=\"wp-block-paragraph\"><em>2. Introduza a sua informa\u00e7\u00e3o.<\/em><strong><em><br><\/em><\/strong><\/p>\n\n\n\n<p class=\"wp-block-paragraph\"><em>3. Selecione se gostaria de ficar na Ananda Guest House (+50\u20ac) ou alugar uma tenda com colch\u00e3o e saco-cama (+10\u20ac).<\/em><strong><em><br><\/em><\/strong><\/p>\n\n\n\n<p class=\"wp-block-paragraph\"><em>4. Proceda ao pagamento.<\/em><\/p>\n\n\n\n<p class=\"wp-block-paragraph\"><em>5. &nbsp;Parab\u00e9ns, estamos ansiosos por receb\u00ea-lo no Flames of Renewal!<br><\/em><\/p>\n\n\n\n<p class=\"wp-block-paragraph\"><\/p>\n\n\n\n<p class=\"wp-block-paragraph\"><\/p>\n\n\n\n<p class=\"wp-block-paragraph\"><\/p>\n\n\n\n<div class=\"wp-block-buttons is-content-justification-left is-layout-flex wp-container-core-buttons-is-layout-b192c3d7 wp-block-buttons-is-layout-flex\">\n<div class=\"wp-block-button\"><a class=\"wp-block-button__link wp-element-button\" href=\"#ticket\"><strong>BILHETES<\/strong> <strong>AQUI<\/strong><\/a><\/div>\n<\/div>\n\n\n\n<div style=\"height:48px\" aria-hidden=\"true\" class=\"wp-block-spacer\"><\/div>\n\n\n\n<div style=\"height:49px\" aria-hidden=\"true\" class=\"wp-block-spacer\"><\/div>\n\n\n\n<hr class=\"wp-block-separator has-alpha-channel-opacity\"\/>\n\n\n\n<h2 class=\"wp-block-heading\" id=\"english-version1\">English:<\/h2>\n\n\n\n<p class=\"wp-block-paragraph\"><\/p>\n\n\n\n<div class=\"wp-block-uagb-advanced-heading uagb-block-7d70082c\" id=\"english\"><h3 class=\"uagb-heading-text\">Join us for a two-day immersive journey of renewal \u2014 through music, meditation, movement, and service to the Earth.<\/h3><\/div>\n\n\n\n<div style=\"height:33px\" aria-hidden=\"true\" class=\"wp-block-spacer\"><\/div>\n\n\n\n<div class=\"wp-block-uagb-advanced-heading uagb-block-51494580 editorskit-no-mobile\"><h2 class=\"uagb-heading-text\"><strong><strong>What is Flames of Renewal?<\/strong><br><\/strong><\/h2><\/div>\n\n\n\n<div class=\"wp-block-uagb-container uagb-block-47fbc388 alignfull uagb-is-root-container\"><div class=\"uagb-container-inner-blocks-wrap\">\n<div class=\"wp-block-uagb-container uagb-block-9024fdb7\">\n<figure class=\"wp-block-image size-large\"><img loading=\"lazy\" decoding=\"async\" width=\"576\" height=\"1024\" src=\"https:\/\/discover.anandakalyani.org\/wp-content\/uploads\/2024\/12\/Untitled-design-2-576x1024.png\" alt=\"\" class=\"wp-image-4303\" srcset=\"https:\/\/discover.anandakalyani.org\/wp-content\/uploads\/2024\/12\/Untitled-design-2-576x1024.png 576w, https:\/\/discover.anandakalyani.org\/wp-content\/uploads\/2024\/12\/Untitled-design-2-169x300.png 169w, https:\/\/discover.anandakalyani.org\/wp-content\/uploads\/2024\/12\/Untitled-design-2-768x1365.png 768w, https:\/\/discover.anandakalyani.org\/wp-content\/uploads\/2024\/12\/Untitled-design-2-864x1536.png 864w, https:\/\/discover.anandakalyani.org\/wp-content\/uploads\/2024\/12\/Untitled-design-2-1152x2048.png 1152w, https:\/\/discover.anandakalyani.org\/wp-content\/uploads\/2024\/12\/Untitled-design-2-7x12.png 7w, https:\/\/discover.anandakalyani.org\/wp-content\/uploads\/2024\/12\/Untitled-design-2-600x1067.png 600w, https:\/\/discover.anandakalyani.org\/wp-content\/uploads\/2024\/12\/Untitled-design-2-scaled.png 1440w\" sizes=\"auto, (max-width: 576px) 100vw, 576px\" \/><\/figure>\n<\/div>\n\n\n\n<div class=\"wp-block-uagb-container uagb-block-b0f9c860\">\n<p class=\"has-medium-font-size wp-block-paragraph\"><strong>Flames of Renewal<\/strong> is a gathering with purpose. Over two days, we come together to create something meaningful: to serve collectively, to reconnect with the land affected by wildfires, and to celebrate life.&nbsp;<\/p>\n\n\n\n<p class=\"has-medium-font-size wp-block-paragraph\">The program blends eco-action, spiritual practices such as kiirtan, meditation and yoga, and the joy of live music and ecstatic dance. Along the way, you\u2019ll meet our community, connect deeply with nature, and share nourishing sattvic vegan food prepared with love.<\/p>\n<\/div>\n<\/div><\/div>\n\n\n\n<div class=\"wp-block-uagb-container uagb-block-3a82b520 alignfull uagb-is-root-container\"><div class=\"uagb-container-inner-blocks-wrap\">\n<div class=\"wp-block-uagb-container uagb-block-b6b81f55\">\n<p class=\"has-medium-font-size wp-block-paragraph\"><strong>Why Flames of Renewal?<\/strong><\/p>\n\n\n\n<figure class=\"wp-block-image size-large\"><img loading=\"lazy\" decoding=\"async\" width=\"1024\" height=\"568\" src=\"https:\/\/discover.anandakalyani.org\/wp-content\/uploads\/2024\/12\/Screenshot-2025-09-18-at-1.45.07-PM-1024x568.png\" alt=\"\" class=\"wp-image-4346\" srcset=\"https:\/\/discover.anandakalyani.org\/wp-content\/uploads\/2024\/12\/Screenshot-2025-09-18-at-1.45.07-PM-1024x568.png 1024w, https:\/\/discover.anandakalyani.org\/wp-content\/uploads\/2024\/12\/Screenshot-2025-09-18-at-1.45.07-PM-300x166.png 300w, https:\/\/discover.anandakalyani.org\/wp-content\/uploads\/2024\/12\/Screenshot-2025-09-18-at-1.45.07-PM-768x426.png 768w, https:\/\/discover.anandakalyani.org\/wp-content\/uploads\/2024\/12\/Screenshot-2025-09-18-at-1.45.07-PM-1536x852.png 1536w, https:\/\/discover.anandakalyani.org\/wp-content\/uploads\/2024\/12\/Screenshot-2025-09-18-at-1.45.07-PM-2048x1136.png 2048w, https:\/\/discover.anandakalyani.org\/wp-content\/uploads\/2024\/12\/Screenshot-2025-09-18-at-1.45.07-PM-18x10.png 18w, https:\/\/discover.anandakalyani.org\/wp-content\/uploads\/2024\/12\/Screenshot-2025-09-18-at-1.45.07-PM-600x333.png 600w\" sizes=\"auto, (max-width: 1024px) 100vw, 1024px\" \/><\/figure>\n\n\n\n<p class=\"wp-block-paragraph\" style=\"font-size:20px\">In mid-August, a devastating wildfire swept through much of Ananda Kalyani. Over 550 cherry trees were lost, vital irrigation systems destroyed, and large areas of forest burned\u2014including places we had only recently reforested.<\/p>\n\n\n\n<p class=\"has-medium-font-size wp-block-paragraph\">Yet, against the odds, the heart of our land survived. This contrast between loss and resilience has become a powerful reminder of our purpose: to restore what was lost and build a stronger, fire-resistant, regenerative future.<\/p>\n<\/div>\n<\/div><\/div>\n\n\n\n<div class=\"wp-block-uagb-container uagb-block-167379b4 alignfull uagb-is-root-container\"><div class=\"uagb-container-inner-blocks-wrap\">\n<div class=\"wp-block-uagb-container uagb-block-7424f121\">\n<p class=\"wp-block-paragraph\" style=\"font-size:29px\"><strong>Sponsor<\/strong><\/p>\n\n\n\n<figure class=\"wp-block-image size-large\"><img loading=\"lazy\" decoding=\"async\" width=\"1024\" height=\"683\" src=\"https:\/\/discover.anandakalyani.org\/wp-content\/uploads\/2024\/12\/A302AB60-C5CB-40E0-86AF-F9E4C3BA8516_1_105_c-1-1024x683.jpeg\" alt=\"\" class=\"wp-image-4363\" srcset=\"https:\/\/discover.anandakalyani.org\/wp-content\/uploads\/2024\/12\/A302AB60-C5CB-40E0-86AF-F9E4C3BA8516_1_105_c-1-1024x683.jpeg 1024w, https:\/\/discover.anandakalyani.org\/wp-content\/uploads\/2024\/12\/A302AB60-C5CB-40E0-86AF-F9E4C3BA8516_1_105_c-1-300x200.jpeg 300w, https:\/\/discover.anandakalyani.org\/wp-content\/uploads\/2024\/12\/A302AB60-C5CB-40E0-86AF-F9E4C3BA8516_1_105_c-1-768x512.jpeg 768w, https:\/\/discover.anandakalyani.org\/wp-content\/uploads\/2024\/12\/A302AB60-C5CB-40E0-86AF-F9E4C3BA8516_1_105_c-1-391x260.jpeg 391w, https:\/\/discover.anandakalyani.org\/wp-content\/uploads\/2024\/12\/A302AB60-C5CB-40E0-86AF-F9E4C3BA8516_1_105_c-1-18x12.jpeg 18w, https:\/\/discover.anandakalyani.org\/wp-content\/uploads\/2024\/12\/A302AB60-C5CB-40E0-86AF-F9E4C3BA8516_1_105_c-1-600x400.jpeg 600w, https:\/\/discover.anandakalyani.org\/wp-content\/uploads\/2024\/12\/A302AB60-C5CB-40E0-86AF-F9E4C3BA8516_1_105_c-1.jpeg 1086w\" sizes=\"auto, (max-width: 1024px) 100vw, 1024px\" \/><\/figure>\n\n\n\n<p class=\"has-medium-font-size wp-block-paragraph\">The intervention will be led by <strong>Guilherme Weishar<\/strong>, who currently manages the environmental NGO<strong> EcoAtivo<\/strong>, began his regenerative journey in 2017 after a Permaculture Design Course that transformed his perspective on life. Since then, he has explored solutions such as bioconstruction, keyline design, regenerative agriculture, and ecological restoration, now focusing on agroforestry and syntropic farming. EcoAtivo\u2019s mission is to actively regenerate ecosystems on the ground\u2014transforming degraded areas into thriving landscapes\u2014while inspiring society to move from extractive models of consumption and pollution towards living in harmony with nature. Through its programs, <strong>EcoAtivo<\/strong> empowers young people to become leaders who care for local ecosystems, plants, and animals.<\/p>\n\n\n\n<p class=\"has-medium-font-size wp-block-paragraph\"><\/p>\n<\/div>\n<\/div><\/div>\n\n\n\n<div class=\"wp-block-uagb-container uagb-block-38fa1365 alignfull uagb-is-root-container\"><div class=\"uagb-container-inner-blocks-wrap\">\n<div class=\"wp-block-uagb-container uagb-block-68b1dfb6\">\n<p class=\"wp-block-paragraph\" style=\"font-size:38px\"><strong>Live music: Gustavito<\/strong><\/p>\n\n\n\n<figure class=\"wp-block-image size-large is-resized\"><img loading=\"lazy\" decoding=\"async\" width=\"819\" height=\"1024\" src=\"https:\/\/discover.anandakalyani.org\/wp-content\/uploads\/2024\/12\/FB-Groups-Posting-Flames-of-Renewal-3-819x1024.png\" alt=\"\" class=\"wp-image-4347\" style=\"aspect-ratio:0.8000149857635247;width:444px;height:auto\" srcset=\"https:\/\/discover.anandakalyani.org\/wp-content\/uploads\/2024\/12\/FB-Groups-Posting-Flames-of-Renewal-3-819x1024.png 819w, https:\/\/discover.anandakalyani.org\/wp-content\/uploads\/2024\/12\/FB-Groups-Posting-Flames-of-Renewal-3-240x300.png 240w, https:\/\/discover.anandakalyani.org\/wp-content\/uploads\/2024\/12\/FB-Groups-Posting-Flames-of-Renewal-3-768x960.png 768w, https:\/\/discover.anandakalyani.org\/wp-content\/uploads\/2024\/12\/FB-Groups-Posting-Flames-of-Renewal-3-10x12.png 10w, https:\/\/discover.anandakalyani.org\/wp-content\/uploads\/2024\/12\/FB-Groups-Posting-Flames-of-Renewal-3-600x750.png 600w, https:\/\/discover.anandakalyani.org\/wp-content\/uploads\/2024\/12\/FB-Groups-Posting-Flames-of-Renewal-3.png 1080w\" sizes=\"auto, (max-width: 819px) 100vw, 819px\" \/><\/figure>\n\n\n\n<p class=\"wp-block-paragraph\" style=\"font-size:20px\"><br>Gustavito is a Brazilian singer-songwriter born in Minas Gerais. His music features Brazilian rhythms, and his guitar is what defines his identity. Fusing traditional Brazilian popular music with his research on diasporic culture and the culture of indigenous peoples, Gustavito sings in different languages, conveying messages of remarkable sensitivity. His live performances take the audience on a journey through rhythms and melodies, always inviting people to participate with vocalizations and dances.<br><br><\/p>\n<\/div>\n<\/div><\/div>\n\n\n\n<div class=\"wp-block-group alignfull is-content-justification-center is-layout-constrained wp-container-core-group-is-layout-81aa85af wp-block-group-is-layout-constrained\" style=\"margin-top:0;margin-bottom:0;padding-top:calc( 0.5 * var(--wp--style--root--padding-right, var(--wp--custom--gap--horizontal)));padding-right:var(--wp--style--root--padding-right, var(--wp--custom--gap--horizontal));padding-bottom:calc( 0.5 * var(--wp--style--root--padding-right, var(--wp--custom--gap--horizontal)));padding-left:var(--wp--style--root--padding-left, var(--wp--custom--gap--horizontal))\">\n<div class=\"wp-block-columns alignwide is-layout-flex wp-container-core-columns-is-layout-cb1de518 wp-block-columns-is-layout-flex\">\n<div class=\"wp-block-column is-layout-flow wp-block-column-is-layout-flow\" style=\"flex-basis:20%\"><\/div>\n<\/div>\n\n\n\n<div style=\"height:calc( 0.25 * var(--wp--style--root--padding-right, var(--wp--custom--gap--horizontal)))\" aria-hidden=\"true\" class=\"wp-block-spacer\"><\/div>\n<\/div>\n\n\n\n<div class=\"wp-block-uagb-advanced-heading uagb-block-250e4da9\"><h3 class=\"uagb-heading-text\"><strong><strong>In Flames of Renewal you will experience:<\/strong><br><\/strong><\/h3><\/div>\n\n\n\n<div style=\"height:24px\" aria-hidden=\"true\" class=\"wp-block-spacer\"><\/div>\n\n\n\n<h3 class=\"wp-block-heading has-medium-font-size\"><strong>Friday:<\/strong><\/h3>\n\n\n\n<ul class=\"wp-block-list\">\n<li><strong>From 5pm: Arrival<\/strong><\/li>\n\n\n\n<li><strong>Kiirtan &amp; Meditation<\/strong><\/li>\n\n\n\n<li><strong>Dinner<\/strong><\/li>\n\n\n\n<li><strong>Introduction to the program<\/strong>&nbsp;<\/li>\n<\/ul>\n\n\n\n<h3 class=\"wp-block-heading has-medium-font-size\"><strong>Saturday:<\/strong><\/h3>\n\n\n\n<ul class=\"wp-block-list\">\n<li><strong>Kiirtan, Meditation &amp; Yoga \u00c1sanas<\/strong><\/li>\n\n\n\n<li><strong>Breakfast<\/strong><\/li>\n\n\n\n<li><strong>Morning Circle<\/strong><\/li>\n\n\n\n<li><strong>Karma Yoga &#8211; work on the land<\/strong><\/li>\n\n\n\n<li><strong>Lunch<\/strong><\/li>\n\n\n\n<li><strong>Karma Yoga &#8211; work on the land<\/strong><\/li>\n\n\n\n<li><strong>Introduction to Ananda Marga<\/strong><\/li>\n\n\n\n<li><strong>Dinner<\/strong><\/li>\n\n\n\n<li><strong>Live Concert<\/strong><\/li>\n<\/ul>\n\n\n\n<h3 class=\"wp-block-heading has-medium-font-size\"><strong><strong>Sunday:<\/strong><\/strong><\/h3>\n\n\n\n<ul class=\"wp-block-list\">\n<li><strong>Kiirtan, Meditation &amp; Yoga \u00c1sanas<\/strong><\/li>\n\n\n\n<li><strong>Breakfast<\/strong><\/li>\n\n\n\n<li><strong>Morning Circle<\/strong><\/li>\n\n\n\n<li><strong>Karma Yoga &#8211; work on the land<\/strong><\/li>\n\n\n\n<li><strong>Lunch<\/strong><\/li>\n\n\n\n<li><strong>Ecstatic Dance<\/strong><\/li>\n<\/ul>\n\n\n\n<div style=\"height:48px\" aria-hidden=\"true\" class=\"wp-block-spacer\"><\/div>\n\n\n\n<div class=\"wp-block-uagb-advanced-heading uagb-block-eeb2562a\"><h3 class=\"uagb-heading-text\"><strong>Location:<\/strong><\/h3><\/div>\n\n\n\n<p class=\"has-medium-font-size wp-block-paragraph\">Our project is situated in a stunning part of Portugal&#8217;s mountain range, between the villages of Paul and Ourondo in the country\u2019s renowned Serra da Estrela region. Our camp provides the perfect backdrop for your journey of self-discovery. Please find out how to get here in our <a href=\"https:\/\/www.canva.com\/design\/DAFlcxYyyZs\/2iGpNna0yWNx3ReGMFsbug\/edit\">Travel Guide.<\/a><\/p>\n\n\n\n<div style=\"height:100px\" aria-hidden=\"true\" class=\"wp-block-spacer\"><\/div>\n\n\n\n<p class=\"wp-block-paragraph\"><strong>How to book your ticket:<\/strong> <em>1. Choose if you would like to join us from Friday to Sunday or come for just one day, either Saturday or Sunday. If you choose to come for the whole event, you can decide with which amount you would like to support our project. The Sustainable, Regenerative and Solidary tickets all include the same program, meals and access to the camping area. If you are coming for one day, simply choose the one day ticket.<\/em><\/p>\n\n\n\n<p class=\"wp-block-paragraph\"><em>2. Type in your information and <\/em><\/p>\n\n\n\n<p class=\"wp-block-paragraph\"><em>3. select if you would like to stay in Ananda Guest House (+50\u20ac) or rent a tent, including mattress &amp; sleeping bag (+10\u20ac)&nbsp;<\/em><\/p>\n\n\n\n<p class=\"wp-block-paragraph\"><em>4. Proceed to the payment <\/em><\/p>\n\n\n\n<p class=\"wp-block-paragraph\"><em>5. Congratulations, we look forward to seeing you at <strong>Flames of Renewal!<\/strong><\/em><\/p>\n\n\n\n<div style=\"height:48px\" aria-hidden=\"true\" class=\"wp-block-spacer\"><\/div>\n\n\n\n<div class=\"wp-block-buttons is-content-justification-left is-layout-flex wp-container-core-buttons-is-layout-b192c3d7 wp-block-buttons-is-layout-flex\">\n<div class=\"wp-block-button\"><a class=\"wp-block-button__link has-text-align-center wp-element-button\" href=\"#ticket\"><strong>GET YOUR TICKET<\/strong><\/a><\/div>\n<\/div>\n\n\n\n<p class=\"wp-block-paragraph\" id=\"ticket\"><\/p>\n\n\n\n<p class=\"wp-block-paragraph\"><\/p>","protected":false},"excerpt":{"rendered":"<p>Junta-te a n\u00f3s para dois dias imersivos de renova\u00e7\u00e3o \u2014 atrav\u00e9s da m\u00fasica, medita\u00e7\u00e3o, movimento e servi\u00e7o \u00e0 Terra. O [&hellip;]<\/p>\n","protected":false},"author":1,"featured_media":4265,"comment_status":"open","ping_status":"closed","template":"","meta":{"_editorskit_title_hidden":false,"_editorskit_reading_time":0,"_editorskit_is_block_options_detached":false,"_editorskit_block_options_position":"{}","_crdt_document":"","_uag_custom_page_level_css":"","site-sidebar-layout":"default","site-content-layout":"","ast-site-content-layout":"default","site-content-style":"default","site-sidebar-style":"default","ast-global-header-display":"","ast-banner-title-visibility":"","ast-main-header-display":"","ast-hfb-above-header-display":"","ast-hfb-below-header-display":"","ast-hfb-mobile-header-display":"","site-post-title":"","ast-breadcrumbs-content":"","ast-featured-img":"","footer-sml-layout":"","ast-disable-related-posts":"","theme-transparent-header-meta":"","adv-header-id-meta":"","stick-header-meta":"","header-above-stick-meta":"","header-main-stick-meta":"","header-below-stick-meta":"","astra-migrate-meta-layouts":"default","ast-page-background-enabled":"default","ast-page-background-meta":{"desktop":{"background-color":"var(--ast-global-color-4)","background-image":"","background-repeat":"repeat","background-position":"center center","background-size":"auto","background-attachment":"scroll","background-type":"","background-media":"","overlay-type":"","overlay-color":"","overlay-opacity":"","overlay-gradient":""},"tablet":{"background-color":"","background-image":"","background-repeat":"repeat","background-position":"center center","background-size":"auto","background-attachment":"scroll","background-type":"","background-media":"","overlay-type":"","overlay-color":"","overlay-opacity":"","overlay-gradient":""},"mobile":{"background-color":"","background-image":"","background-repeat":"repeat","background-position":"center center","background-size":"auto","background-attachment":"scroll","background-type":"","background-media":"","overlay-type":"","overlay-color":"","overlay-opacity":"","overlay-gradient":""}},"ast-content-background-meta":{"desktop":{"background-color":"var(--ast-global-color-5)","background-image":"","background-repeat":"repeat","background-position":"center center","background-size":"auto","background-attachment":"scroll","background-type":"","background-media":"","overlay-type":"","overlay-color":"","overlay-opacity":"","overlay-gradient":""},"tablet":{"background-color":"var(--ast-global-color-5)","background-image":"","background-repeat":"repeat","background-position":"center center","background-size":"auto","background-attachment":"scroll","background-type":"","background-media":"","overlay-type":"","overlay-color":"","overlay-opacity":"","overlay-gradient":""},"mobile":{"background-color":"var(--ast-global-color-5)","background-image":"","background-repeat":"repeat","background-position":"center center","background-size":"auto","background-attachment":"scroll","background-type":"","background-media":"","overlay-type":"","overlay-color":"","overlay-opacity":"","overlay-gradient":""}}},"tags":[],"mec_category":[],"class_list":["post-3490","mec-events","type-mec-events","status-publish","has-post-thumbnail","hentry"],"uagb_featured_image_src":{"full":["https:\/\/discover.anandakalyani.org\/wp-content\/uploads\/2024\/12\/IMG_1223.jpg",2500,1667,false],"thumbnail":["https:\/\/discover.anandakalyani.org\/wp-content\/uploads\/2024\/12\/IMG_1223-150x150.jpg",150,150,true],"medium":["https:\/\/discover.anandakalyani.org\/wp-content\/uploads\/2024\/12\/IMG_1223-300x200.jpg",300,200,true],"medium_large":["https:\/\/discover.anandakalyani.org\/wp-content\/uploads\/2024\/12\/IMG_1223-768x512.jpg",768,512,true],"large":["https:\/\/discover.anandakalyani.org\/wp-content\/uploads\/2024\/12\/IMG_1223-1024x683.jpg",1024,683,true],"thumblist":["https:\/\/discover.anandakalyani.org\/wp-content\/uploads\/2024\/12\/IMG_1223-300x300.jpg",300,300,true],"thumbrelated":["https:\/\/discover.anandakalyani.org\/wp-content\/uploads\/2024\/12\/IMG_1223-500x500.jpg",500,500,true],"meccarouselthumb":["https:\/\/discover.anandakalyani.org\/wp-content\/uploads\/2024\/12\/IMG_1223-474x324.jpg",474,324,true],"gridsquare":["https:\/\/discover.anandakalyani.org\/wp-content\/uploads\/2024\/12\/IMG_1223-391x260.jpg",391,260,true],"tileview":["https:\/\/discover.anandakalyani.org\/wp-content\/uploads\/2024\/12\/IMG_1223-300x400.jpg",300,400,true],"1536x1536":["https:\/\/discover.anandakalyani.org\/wp-content\/uploads\/2024\/12\/IMG_1223-1536x1024.jpg",1536,1024,true],"2048x2048":["https:\/\/discover.anandakalyani.org\/wp-content\/uploads\/2024\/12\/IMG_1223-2048x1366.jpg",2048,1366,true],"trp-custom-language-flag":["https:\/\/discover.anandakalyani.org\/wp-content\/uploads\/2024\/12\/IMG_1223-18x12.jpg",18,12,true],"woocommerce_thumbnail":["https:\/\/discover.anandakalyani.org\/wp-content\/uploads\/2024\/12\/IMG_1223-300x300.jpg",300,300,true],"woocommerce_single":["https:\/\/discover.anandakalyani.org\/wp-content\/uploads\/2024\/12\/IMG_1223-600x400.jpg",600,400,true],"woocommerce_gallery_thumbnail":["https:\/\/discover.anandakalyani.org\/wp-content\/uploads\/2024\/12\/IMG_1223-100x100.jpg",100,100,true]},"uagb_author_info":{"display_name":"DiscoverAdmin","author_link":"https:\/\/discover.anandakalyani.org\/pt\/author\/discoveradmin\/"},"uagb_comment_info":6,"uagb_excerpt":"Junta-te a n\u00f3s para dois dias imersivos de renova\u00e7\u00e3o \u2014 atrav\u00e9s da m\u00fasica, medita\u00e7\u00e3o, movimento e servi\u00e7o \u00e0 Terra. O [&hellip;]","jetpack_sharing_enabled":true,"_links":{"self":[{"href":"https:\/\/discover.anandakalyani.org\/pt\/wp-json\/wp\/v2\/mec-events\/3490","targetHints":{"allow":["GET"]}}],"collection":[{"href":"https:\/\/discover.anandakalyani.org\/pt\/wp-json\/wp\/v2\/mec-events"}],"about":[{"href":"https:\/\/discover.anandakalyani.org\/pt\/wp-json\/wp\/v2\/types\/mec-events"}],"author":[{"embeddable":true,"href":"https:\/\/discover.anandakalyani.org\/pt\/wp-json\/wp\/v2\/users\/1"}],"replies":[{"embeddable":true,"href":"https:\/\/discover.anandakalyani.org\/pt\/wp-json\/wp\/v2\/comments?post=3490"}],"wp:featuredmedia":[{"embeddable":true,"href":"https:\/\/discover.anandakalyani.org\/pt\/wp-json\/wp\/v2\/media\/4265"}],"wp:attachment":[{"href":"https:\/\/discover.anandakalyani.org\/pt\/wp-json\/wp\/v2\/media?parent=3490"}],"wp:term":[{"taxonomy":"post_tag","embeddable":true,"href":"https:\/\/discover.anandakalyani.org\/pt\/wp-json\/wp\/v2\/tags?post=3490"},{"taxonomy":"mec_category","embeddable":true,"href":"https:\/\/discover.anandakalyani.org\/pt\/wp-json\/wp\/v2\/mec_category?post=3490"}],"curies":[{"name":"wp","href":"https:\/\/api.w.org\/{rel}","templated":true}]}}